{"id":4,"date":"2012-01-07T19:03:59","date_gmt":"2012-01-07T19:03:59","guid":{"rendered":"http:\/\/www.rafafont.eu\/blog\/?page_id=4"},"modified":"2012-01-14T02:30:38","modified_gmt":"2012-01-14T01:30:38","slug":"mi-vision-de-equo","status":"publish","type":"page","link":"https:\/\/www.rafafont.eu\/blog\/mi-vision-de-equo\/","title":{"rendered":"Mi visi\u00f3n de Equo"},"content":{"rendered":"<p>Considero que Equo ha de ser una organizaci\u00f3n pol\u00edtica que supere el modelo tradicional de partido, que tenga un car\u00e1cter abierto e inclusivo, y que lleve la ecolog\u00eda pol\u00edtica como bandera.<\/p>\n<p>El Equo que tengo en la cabeza es una m\u00e1quina que permita a varios miles de personas hacer pol\u00edtica verde, a todos los niveles territoriales, todos los d\u00edas, all\u00e1 donde est\u00e9n. Es m\u00e1s que un partido, es una organizaci\u00f3n novedosa en la forma de organizarse internamente, y porosa hacia la sociedad, tomando y dando continuamente de ella.<\/p>\n<p><strong>M\u00e1s que un partido: una red pol\u00edtica<\/strong><\/p>\n<p>Parto de un an\u00e1lisis: el modelo de participaci\u00f3n pol\u00edtica basada en partidos est\u00e1 caduco y hay que cambiarlo. Creo que la alternativa es construir una organizaci\u00f3n que sea a la vez un partido, porque hay que seguir present\u00e1ndose a las elecciones, y una red de individuos, que participan en la vida pol\u00edtica cotidiana. Uno de los cambios de paradigma en cuanto al reparto de poder que vivimos en la actualidad es que paralelamente al aumento del poder de las organizaciones supranacionales, se produce tambi\u00e9n <a href=\"http:\/\/ictlogy.net\/20110124-empowerment-and-governance-in-the-information-society-i-the-hourglass-of-information-power\/\">el auge de la fuerza de los individuos<\/a>.<\/p>\n<p>Considero por tanto un objetivo el que Equo se configure como un partido centrado en las personas, donde &#8220;<em>una persona = un voto<\/em>&#8220;.\u00a0Con la horizontalidad como principio de funcionamiento, sin jerarqu\u00edas, estando todos los participantes al mismo nivel.<\/p>\n<p>Los individuos de hoy en d\u00eda se asocian naturalmente entre s\u00ed en funci\u00f3n de sus ideas, antes que en funci\u00f3n de sus organizaciones, lo que hace que las fronteras de las mismas sean m\u00e1s flexibles. Por eso, creo que frente al modelo tradicional de afiliaci\u00f3n (&#8220;<em>af\u00edliate primero si quieres participar con pleno derecho<\/em>&#8220;), creo que Equo debe de implementar un modelo que conduzca a la creaci\u00f3n de un espacio de participaci\u00f3n antes que a la consolidaci\u00f3n de un partido: &#8220;<em>empieza participando con pleno derecho y luego si te convence, af\u00edliate<\/em>&#8220;.<\/p>\n<p>La gente se coordina para poder entre todos ser influyentes, para que su voz se oiga y su voto tenga peso. Por eso creo que una organizaci\u00f3n pol\u00edtica en el siglo XXI ha de estar dise\u00f1ada para promover la participaci\u00f3n de sus integrantes en el d\u00eda a d\u00eda de las decisiones, cada uno en su \u00e1mbito preferido, est\u00e9n donde est\u00e9n, y aprovechando y expandiendo las potencialidades que ofrece la tecnolog\u00eda.<\/p>\n<p>La filosof\u00eda en la que se basan estas ideas est\u00e1 cada vez m\u00e1s madura, y hay quienes llevan mucho tiempo aplicando principios de apertura y transparencia, al estilo del <a href=\"http:\/\/es.wikipedia.org\/wiki\/Software_libre\">software libre<\/a>. Creo en las ventajas de una organizaci\u00f3n que tambi\u00e9n los aplique, que le diga al mundo: &#8220;Estas son mis ideas, y son libres. \u00dasalas, c\u00f3pialas, mej\u00f3ralas y dif\u00fandelas&#8221;.<\/p>\n<p>La sangre que corra por las venas de esta m\u00e1quina ha de ser verde: la ecolog\u00eda pol\u00edtica ha de ser la se\u00f1a de identidad de Equo. Desde mi punto de vista esta l\u00ednea pol\u00edtica es la que mejor analiza la situaci\u00f3n actual y la que aporta las propuestas m\u00e1s coherentes desde una perspectiva global.\u00a0Entendiendo el ecologismo como mucho m\u00e1s que medio ambiente: m\u00e1s solidaridad, mejor democracia, conocimiento compartido, menor consumo de recursos, y mejor salud, como medios para transformar la sociedad en una sostenible que sea feliz mientras respeta el planeta donde vive.<\/p>\n","protected":false},"excerpt":{"rendered":"<p>Considero que Equo ha de ser una organizaci\u00f3n pol\u00edtica que supere el modelo tradicional de partido, que tenga un car\u00e1cter abierto e inclusivo, y que lleve la ecolog\u00eda pol\u00edtica como bandera. El Equo que tengo en la cabeza es una m\u00e1quina que permita a varios miles de personas hacer pol\u00edtica verde, a todos los niveles [&hellip;]<\/p>\n","protected":false},"author":1,"featured_media":0,"parent":0,"menu_order":0,"comment_status":"closed","ping_status":"closed","template":"","meta":{"_s2mail":""},"_links":{"self":[{"href":"https:\/\/www.rafafont.eu\/blog\/wp-json\/wp\/v2\/pages\/4"}],"collection":[{"href":"https:\/\/www.rafafont.eu\/blog\/wp-json\/wp\/v2\/pages"}],"about":[{"href":"https:\/\/www.rafafont.eu\/blog\/wp-json\/wp\/v2\/types\/page"}],"author":[{"embeddable":true,"href":"https:\/\/www.rafafont.eu\/blog\/wp-json\/wp\/v2\/users\/1"}],"replies":[{"embeddable":true,"href":"https:\/\/www.rafafont.eu\/blog\/wp-json\/wp\/v2\/comments?post=4"}],"version-history":[{"count":11,"href":"https:\/\/www.rafafont.eu\/blog\/wp-json\/wp\/v2\/pages\/4\/revisions"}],"predecessor-version":[{"id":12,"href":"https:\/\/www.rafafont.eu\/blog\/wp-json\/wp\/v2\/pages\/4\/revisions\/12"}],"wp:attachment":[{"href":"https:\/\/www.rafafont.eu\/blog\/wp-json\/wp\/v2\/media?parent=4"}],"curies":[{"name":"wp","href":"https:\/\/api.w.org\/{rel}","templated":true}]}}